{"id":8862,"date":"2021-11-16T10:26:02","date_gmt":"2021-11-16T09:26:02","guid":{"rendered":"https:\/\/pigouille.com\/WP\/temps-fete-a-douarnenez-2018-2\/"},"modified":"2021-11-16T20:46:33","modified_gmt":"2021-11-16T19:46:33","slug":"temps-fete-a-douarnenez-2021","status":"publish","type":"page","link":"https:\/\/pigouille.com\/WP\/temps-fete-a-douarnenez-2021\/","title":{"rendered":"Temps f\u00eate \u00e0 Douarnenez 2021"},"content":{"rendered":"\n<div class=\"wp-block-qubely-wrapper qubely-block-0c6ffa\"><div class=\"qubely-block-wrapper-block \">\n<div class=\"wp-block-columns is-layout-flex wp-container-core-columns-is-layout-28f84493 wp-block-columns-is-layout-flex\">\n<div class=\"wp-block-column is-layout-flow wp-block-column-is-layout-flow\" style=\"flex-basis:95%\">\n<h3 class=\"has-text-align-center wp-block-heading\" id=\"participation-de-la-martine-a-temps-fete-a-douarnenezdu-23-au-25-juillet-2021\"><br>Participation de la Martine \u00e0 Temps f\u00eate \u00e0 Douarnenez<br>du 23 au 25 Juillet 2021<\/h3>\n<\/div>\n\n\n\n<div class=\"wp-block-column is-layout-flow wp-block-column-is-layout-flow\" style=\"flex-basis:5%\">\n<figure class=\"wp-block-image is-resized\"><a href=\"javascript:history.back()\"><img loading=\"lazy\" decoding=\"async\" src=\"https:\/\/pigouille.com\/WP\/wp-content\/uploads\/2021\/03\/close5.png\" alt=\"Retour \u00e0 la page pr\u00e9c\u00e9dente\" class=\"wp-image-18\" title=\"Retour \u00e0 la page pr\u00e9c\u00e9dente\" width=\"30\" height=\"30\"><\/a><\/figure>\n<\/div>\n<\/div>\n<\/div><\/div>\n\n\n\n<div class=\"wp-block-qubely-wrapper qubely-block-0965b9\"><div class=\"qubely-block-wrapper-block \">\n<div class=\"wp-block-columns is-layout-flex wp-container-core-columns-is-layout-28f84493 wp-block-columns-is-layout-flex\">\n<div class=\"wp-block-column is-layout-flow wp-block-column-is-layout-flow\">\n<div class=\"wp-block-qubely-wrapper qubely-block-c4a88d\"><div class=\"qubely-block-wrapper-block \">\n<div class=\"wp-block-columns is-layout-flex wp-container-core-columns-is-layout-28f84493 wp-block-columns-is-layout-flex\">\n<div class=\"wp-block-column is-layout-flow wp-block-column-is-layout-flow\" style=\"flex-basis:35%\">\n<figure class=\"wp-block-image size-full\"><a href=\"https:\/\/pigouille.com\/WP\/wp-content\/uploads\/2021\/11\/douarnenez-temps-fete-2021.jpg\"><img loading=\"lazy\" decoding=\"async\" width=\"400\" height=\"599\" src=\"https:\/\/pigouille.com\/WP\/wp-content\/uploads\/2021\/11\/douarnenez-temps-fete-2021.jpg\" alt=\"\" class=\"wp-image-8865\" srcset=\"https:\/\/pigouille.com\/WP\/wp-content\/uploads\/2021\/11\/douarnenez-temps-fete-2021.jpg 400w, https:\/\/pigouille.com\/WP\/wp-content\/uploads\/2021\/11\/douarnenez-temps-fete-2021-200x300.jpg 200w\" sizes=\"auto, (max-width: 400px) 100vw, 400px\" \/><\/a><\/figure>\n<\/div>\n\n\n\n<div class=\"wp-block-column is-layout-flow wp-block-column-is-layout-flow\" style=\"flex-basis:65%\">\n<p><br><\/p>\n\n\n\n<div class=\"wp-block-columns is-layout-flex wp-container-core-columns-is-layout-28f84493 wp-block-columns-is-layout-flex\">\n<div class=\"wp-block-column is-layout-flow wp-block-column-is-layout-flow\">\n<div class=\"wp-block-columns is-layout-flex wp-container-core-columns-is-layout-28f84493 wp-block-columns-is-layout-flex\">\n<div class=\"wp-block-column is-layout-flow wp-block-column-is-layout-flow\">\n<p><\/p>\n<\/div>\n<\/div>\n\n\n\n<h6 class=\"wp-block-heading\" id=\"la-martine-a-decide-de-participer-aux-fetes-de-douarnenez-merci-a-gerard-qui-envoie-regulierement-des-photos-de-facon-a-nous-faire-partager-ces-activites-ludiques\">La MARTINE a d\u00e9cid\u00e9 de participer aux f\u00eates de Douarnenez.<br>Merci \u00e0 G\u00e9rard qui envoie r\u00e9guli\u00e8rement des photos de fa\u00e7on \u00e0 nous faire partager ces activit\u00e9s ludiques.<\/h6>\n\n\n\n<p><strong>.<\/strong><\/p>\n\n\n\n<p>.<\/p>\n<\/div>\n<\/div>\n<\/div>\n<\/div>\n\n\n\n<h6 class=\"has-text-align-center wp-block-heading\" id=\"cliquer-sur-les-images-pour-les-agrandir\"><font color=\"#b9402f\">Cliquer sur les images pour avoir acc\u00e8s aux diaporamas<\/font><br><\/h6>\n\n\n\n<div class=\"wp-block-columns is-layout-flex wp-container-core-columns-is-layout-28f84493 wp-block-columns-is-layout-flex\">\n<div class=\"wp-block-column is-layout-flow wp-block-column-is-layout-flow\" style=\"flex-basis:55%\">\n<h6 class=\"wp-block-heading\" id=\"jeudi-22-juillet-2021-6h-du-matin-port-de-l-aber-wrac-h-l-equipage-de-martine-est-a-l-heure-et-au-complet-soutenu-par-christelle-gerard-et-sylvie-destination-camaret\"><br><br>\u2022 Jeudi 22 Juillet 2021, 6h du matin, port de l&rsquo;Aber Wrac&rsquo;h. L&rsquo;\u00e9quipage de Martine est \u00e0 l&rsquo;heure et au complet soutenu par Christelle, G\u00e9rard et Sylvie. Destination Camaret<\/h6>\n<\/div>\n\n\n\n<div class=\"wp-block-column is-layout-flow wp-block-column-is-layout-flow\" style=\"flex-basis:45%\">\n<figure class=\"wp-block-image size-full\"><img loading=\"lazy\" decoding=\"async\" width=\"1000\" height=\"667\" src=\"https:\/\/pigouille.com\/WP\/wp-content\/uploads\/2021\/11\/2021-07-22_Depart-3.jpg\" alt=\"\" class=\"wp-image-8870\" srcset=\"https:\/\/pigouille.com\/WP\/wp-content\/uploads\/2021\/11\/2021-07-22_Depart-3.jpg 1000w, https:\/\/pigouille.com\/WP\/wp-content\/uploads\/2021\/11\/2021-07-22_Depart-3-300x200.jpg 300w, https:\/\/pigouille.com\/WP\/wp-content\/uploads\/2021\/11\/2021-07-22_Depart-3-768x512.jpg 768w\" sizes=\"auto, (max-width: 1000px) 100vw, 1000px\" \/><\/figure>\n\n\n\n<p><\/p>\n<\/div>\n<\/div>\n\n\n\n<div class=\"wp-block-columns is-layout-flex wp-container-core-columns-is-layout-28f84493 wp-block-columns-is-layout-flex\">\n<div class=\"wp-block-column is-layout-flow wp-block-column-is-layout-flow\" style=\"flex-basis:55%\">\n<h6 class=\"wp-block-heading\" id=\"vendredi-23-juillet-2021-8h-du-matin-camaret-s-eveille-doucement-l-equipage-s-apprete-a-appareiller-pour-douarnenez-il-ne-se-doute-pas-qu-un-grain-les-attend-au-cap-de-la-chevre-arrivee-a-douarnenez-un-peu-humide\"><br><br>\u2022 Vendredi 23 Juillet 2021, 8h du matin, Camaret s&rsquo;\u00e9veille doucement. L&rsquo;\u00e9quipage s&rsquo;appr\u00eate \u00e0 appareiller pour Douarnenez. Il ne se doute pas qu&rsquo;un grain les attend au cap de la Ch\u00e8vre&#8230;.. Arriv\u00e9e \u00e0 Douarnenez un peu humide<\/h6>\n<\/div>\n\n\n\n<div class=\"wp-block-column is-layout-flow wp-block-column-is-layout-flow\" style=\"flex-basis:45%\">\n<figure class=\"wp-block-image size-full\"><img loading=\"lazy\" decoding=\"async\" width=\"1000\" height=\"673\" src=\"https:\/\/pigouille.com\/WP\/wp-content\/uploads\/2021\/11\/2021-07-23_Camaret-34.jpg\" alt=\"\" class=\"wp-image-8871\" srcset=\"https:\/\/pigouille.com\/WP\/wp-content\/uploads\/2021\/11\/2021-07-23_Camaret-34.jpg 1000w, https:\/\/pigouille.com\/WP\/wp-content\/uploads\/2021\/11\/2021-07-23_Camaret-34-300x202.jpg 300w, https:\/\/pigouille.com\/WP\/wp-content\/uploads\/2021\/11\/2021-07-23_Camaret-34-768x517.jpg 768w\" sizes=\"auto, (max-width: 1000px) 100vw, 1000px\" \/><\/figure>\n\n\n\n<p><\/p>\n<\/div>\n<\/div>\n\n\n\n<div class=\"wp-block-columns is-layout-flex wp-container-core-columns-is-layout-28f84493 wp-block-columns-is-layout-flex\">\n<div class=\"wp-block-column is-layout-flow wp-block-column-is-layout-flow\" style=\"flex-basis:18%\">\n<p><\/p>\n<\/div>\n\n\n\n<div class=\"wp-block-column is-layout-flow wp-block-column-is-layout-flow\" style=\"flex-basis:64%\">\n<figure class=\"wp-block-video\"><video height=\"720\" style=\"aspect-ratio: 1280 \/ 720;\" width=\"1280\" controls src=\"https:\/\/pigouille.com\/WP\/wp-content\/uploads\/2021\/11\/DZ1 Cop.mp4\"><\/video><\/figure>\n<\/div>\n\n\n\n<div class=\"wp-block-column is-layout-flow wp-block-column-is-layout-flow\" style=\"flex-basis:18%\">\n<p><\/p>\n<\/div>\n<\/div>\n\n\n\n<div class=\"wp-block-columns is-layout-flex wp-container-core-columns-is-layout-28f84493 wp-block-columns-is-layout-flex\">\n<div class=\"wp-block-column is-layout-flow wp-block-column-is-layout-flow\"><\/div>\n<\/div>\n\n\n\n<div class=\"wp-block-columns is-layout-flex wp-container-core-columns-is-layout-28f84493 wp-block-columns-is-layout-flex\">\n<div class=\"wp-block-column is-layout-flow wp-block-column-is-layout-flow\" style=\"flex-basis:55%\">\n<h6 class=\"wp-block-heading\" id=\"samedi-24-juillet-2021-sous-une-meteo-capricieuse-l-equipe-prend-ses-marques-quelques-belles-evolutions-dans-la-baie\"><br><br>\u2022 Samedi 24 Juillet 2021, sous une m\u00e9t\u00e9o capricieuse, l&rsquo; \u00e9quipe prend ses marques. Quelques belles \u00e9volutions dans la baie<\/h6>\n<\/div>\n\n\n\n<div class=\"wp-block-column is-layout-flow wp-block-column-is-layout-flow\" style=\"flex-basis:45%\">\n<figure class=\"wp-block-image size-full\"><img loading=\"lazy\" decoding=\"async\" width=\"1000\" height=\"667\" src=\"https:\/\/pigouille.com\/WP\/wp-content\/uploads\/2021\/11\/2021-07-24_Douarnenez-23.jpg\" alt=\"\" class=\"wp-image-8872\" srcset=\"https:\/\/pigouille.com\/WP\/wp-content\/uploads\/2021\/11\/2021-07-24_Douarnenez-23.jpg 1000w, https:\/\/pigouille.com\/WP\/wp-content\/uploads\/2021\/11\/2021-07-24_Douarnenez-23-300x200.jpg 300w, https:\/\/pigouille.com\/WP\/wp-content\/uploads\/2021\/11\/2021-07-24_Douarnenez-23-768x512.jpg 768w\" sizes=\"auto, (max-width: 1000px) 100vw, 1000px\" \/><\/figure>\n\n\n\n<p><\/p>\n<\/div>\n<\/div>\n\n\n\n<div class=\"wp-block-columns is-layout-flex wp-container-core-columns-is-layout-28f84493 wp-block-columns-is-layout-flex\">\n<div class=\"wp-block-column is-layout-flow wp-block-column-is-layout-flow\" style=\"flex-basis:55%\">\n<h6 class=\"wp-block-heading\" id=\"dimanche-25-juillet-2021-enfin-le-soleil-est-au-rendez-vous-les-godilleurs-s-en-donnent-a-coeur-joie-martine-parade-au-milieu-de-la-flottille\"><br><br>\u2022 Dimanche 25 Juillet 2021, enfin le soleil est au rendez-vous. Les godilleurs s&rsquo;en donnent \u00e0 coeur joie. Martine parade au milieu de la flottille.<\/h6>\n<\/div>\n\n\n\n<div class=\"wp-block-column is-layout-flow wp-block-column-is-layout-flow\" style=\"flex-basis:45%\">\n<figure class=\"wp-block-image size-full\"><img loading=\"lazy\" decoding=\"async\" width=\"1000\" height=\"667\" src=\"https:\/\/pigouille.com\/WP\/wp-content\/uploads\/2021\/11\/2021-07-25_Parade-99.jpg\" alt=\"\" class=\"wp-image-8873\" srcset=\"https:\/\/pigouille.com\/WP\/wp-content\/uploads\/2021\/11\/2021-07-25_Parade-99.jpg 1000w, https:\/\/pigouille.com\/WP\/wp-content\/uploads\/2021\/11\/2021-07-25_Parade-99-300x200.jpg 300w, https:\/\/pigouille.com\/WP\/wp-content\/uploads\/2021\/11\/2021-07-25_Parade-99-768x512.jpg 768w\" sizes=\"auto, (max-width: 1000px) 100vw, 1000px\" \/><\/figure>\n\n\n\n<p><\/p>\n<\/div>\n<\/div>\n\n\n\n<div class=\"wp-block-columns is-layout-flex wp-container-core-columns-is-layout-28f84493 wp-block-columns-is-layout-flex\">\n<div class=\"wp-block-column is-layout-flow wp-block-column-is-layout-flow\" style=\"flex-basis:18%\"><\/div>\n\n\n\n<div class=\"wp-block-column is-layout-flow wp-block-column-is-layout-flow\" style=\"flex-basis:64%\">\n<figure class=\"wp-block-video\"><video height=\"1080\" style=\"aspect-ratio: 1920 \/ 1080;\" width=\"1920\" controls src=\"https:\/\/pigouille.com\/WP\/wp-content\/uploads\/2021\/11\/DZ9 Cop.mp4\"><\/video><\/figure>\n<\/div>\n\n\n\n<div class=\"wp-block-column is-layout-flow wp-block-column-is-layout-flow\" style=\"flex-basis:18%\">\n<p><\/p>\n<\/div>\n<\/div>\n\n\n\n<div class=\"wp-block-columns is-layout-flex wp-container-core-columns-is-layout-28f84493 wp-block-columns-is-layout-flex\">\n<div class=\"wp-block-column is-layout-flow wp-block-column-is-layout-flow\" style=\"flex-basis:55%\">\n<h6 class=\"wp-block-heading\" id=\"lundi-26-juillet-2021-la-fete-est-deja-finie-il-faut-reprendre-la-mer-destination-l-aber-wrac-h-d-une-traite-des-souvenirs-plein-la-tete-en-attendant-la-prochaine-edition-en-202\"><br><br>\u2022 Lundi 26 Juillet 2021, la f\u00eate est d\u00e9j\u00e0 finie. Il faut reprendre la mer, destination l&rsquo;Aber Wrac&rsquo;h d&rsquo;une traite. Des souvenirs plein la t\u00eate, en attendant la prochaine \u00e9dition en 202&#8230;<\/h6>\n<\/div>\n\n\n\n<div class=\"wp-block-column is-layout-flow wp-block-column-is-layout-flow\" style=\"flex-basis:45%\">\n<figure class=\"wp-block-image size-full\"><img loading=\"lazy\" decoding=\"async\" width=\"1000\" height=\"670\" src=\"https:\/\/pigouille.com\/WP\/wp-content\/uploads\/2021\/11\/2021-07-26_Retours-6.jpg\" alt=\"\" class=\"wp-image-8874\" srcset=\"https:\/\/pigouille.com\/WP\/wp-content\/uploads\/2021\/11\/2021-07-26_Retours-6.jpg 1000w, https:\/\/pigouille.com\/WP\/wp-content\/uploads\/2021\/11\/2021-07-26_Retours-6-300x201.jpg 300w, https:\/\/pigouille.com\/WP\/wp-content\/uploads\/2021\/11\/2021-07-26_Retours-6-768x515.jpg 768w\" sizes=\"auto, (max-width: 1000px) 100vw, 1000px\" \/><\/figure>\n\n\n\n<p><\/p>\n<\/div>\n<\/div>\n<\/div><\/div>\n<\/div>\n<\/div>\n<\/div><\/div>\n\n\n\n<p><\/p>\n","protected":false},"excerpt":{"rendered":"","protected":false},"author":1,"featured_media":0,"parent":0,"menu_order":0,"comment_status":"closed","ping_status":"closed","template":"","meta":{"qubely_global_settings":"","qubely_interactions":"","footnotes":""},"class_list":["post-8862","page","type-page","status-publish","hentry"],"blocksy_meta":{"styles_descriptor":{"styles":{"desktop":"","tablet":"","mobile":""},"google_fonts":[],"version":6}},"yoast_head":"<!-- This site is optimized with the Yoast SEO plugin v27.3 - https:\/\/yoast.com\/product\/yoast-seo-wordpress\/ -->\n<title>Temps f\u00eate \u00e0 Douarnenez 2021 - Pigouille Site de Association Martine Goemoniers<\/title>\n<meta name=\"robots\" content=\"index, follow, max-snippet:-1, max-image-preview:large, max-video-preview:-1\" \/>\n<link rel=\"canonical\" href=\"https:\/\/pigouille.com\/WP\/temps-fete-a-douarnenez-2021\/\" \/>\n<meta property=\"og:locale\" content=\"fr_FR\" \/>\n<meta property=\"og:type\" content=\"article\" \/>\n<meta property=\"og:title\" content=\"Temps f\u00eate \u00e0 Douarnenez 2021 - Pigouille Site de Association Martine Goemoniers\" \/>\n<meta property=\"og:url\" content=\"https:\/\/pigouille.com\/WP\/temps-fete-a-douarnenez-2021\/\" \/>\n<meta property=\"og:site_name\" content=\"Pigouille Site de Association Martine Goemoniers\" \/>\n<meta property=\"article:modified_time\" content=\"2021-11-16T19:46:33+00:00\" \/>\n<meta property=\"og:image\" content=\"https:\/\/pigouille.com\/WP\/wp-content\/uploads\/2021\/03\/close5.png\" \/>\n<meta name=\"twitter:card\" content=\"summary_large_image\" \/>\n<meta name=\"twitter:label1\" content=\"Dur\u00e9e de lecture estim\u00e9e\" \/>\n\t<meta name=\"twitter:data1\" content=\"3 minutes\" \/>\n<script type=\"application\/ld+json\" class=\"yoast-schema-graph\">{\"@context\":\"https:\\\/\\\/schema.org\",\"@graph\":[{\"@type\":\"WebPage\",\"@id\":\"https:\\\/\\\/pigouille.com\\\/WP\\\/temps-fete-a-douarnenez-2021\\\/\",\"url\":\"https:\\\/\\\/pigouille.com\\\/WP\\\/temps-fete-a-douarnenez-2021\\\/\",\"name\":\"Temps f\u00eate \u00e0 Douarnenez 2021 - Pigouille Site de Association Martine Goemoniers\",\"isPartOf\":{\"@id\":\"https:\\\/\\\/pigouille.com\\\/WP\\\/#website\"},\"primaryImageOfPage\":{\"@id\":\"https:\\\/\\\/pigouille.com\\\/WP\\\/temps-fete-a-douarnenez-2021\\\/#primaryimage\"},\"image\":{\"@id\":\"https:\\\/\\\/pigouille.com\\\/WP\\\/temps-fete-a-douarnenez-2021\\\/#primaryimage\"},\"thumbnailUrl\":\"https:\\\/\\\/pigouille.com\\\/WP\\\/wp-content\\\/uploads\\\/2021\\\/03\\\/close5.png\",\"datePublished\":\"2021-11-16T09:26:02+00:00\",\"dateModified\":\"2021-11-16T19:46:33+00:00\",\"breadcrumb\":{\"@id\":\"https:\\\/\\\/pigouille.com\\\/WP\\\/temps-fete-a-douarnenez-2021\\\/#breadcrumb\"},\"inLanguage\":\"fr-FR\",\"potentialAction\":[{\"@type\":\"ReadAction\",\"target\":[\"https:\\\/\\\/pigouille.com\\\/WP\\\/temps-fete-a-douarnenez-2021\\\/\"]}]},{\"@type\":\"ImageObject\",\"inLanguage\":\"fr-FR\",\"@id\":\"https:\\\/\\\/pigouille.com\\\/WP\\\/temps-fete-a-douarnenez-2021\\\/#primaryimage\",\"url\":\"https:\\\/\\\/pigouille.com\\\/WP\\\/wp-content\\\/uploads\\\/2021\\\/03\\\/close5.png\",\"contentUrl\":\"https:\\\/\\\/pigouille.com\\\/WP\\\/wp-content\\\/uploads\\\/2021\\\/03\\\/close5.png\",\"width\":48,\"height\":48},{\"@type\":\"BreadcrumbList\",\"@id\":\"https:\\\/\\\/pigouille.com\\\/WP\\\/temps-fete-a-douarnenez-2021\\\/#breadcrumb\",\"itemListElement\":[{\"@type\":\"ListItem\",\"position\":1,\"name\":\"Accueil\",\"item\":\"https:\\\/\\\/pigouille.com\\\/WP\\\/\"},{\"@type\":\"ListItem\",\"position\":2,\"name\":\"Temps f\u00eate \u00e0 Douarnenez 2021\"}]},{\"@type\":\"WebSite\",\"@id\":\"https:\\\/\\\/pigouille.com\\\/WP\\\/#website\",\"url\":\"https:\\\/\\\/pigouille.com\\\/WP\\\/\",\"name\":\"Pigouille Site de Association Martine Goemoniers\",\"description\":\"Cotre Goemonier \u00e0 Landeda\",\"publisher\":{\"@id\":\"https:\\\/\\\/pigouille.com\\\/WP\\\/#organization\"},\"potentialAction\":[{\"@type\":\"SearchAction\",\"target\":{\"@type\":\"EntryPoint\",\"urlTemplate\":\"https:\\\/\\\/pigouille.com\\\/WP\\\/?s={search_term_string}\"},\"query-input\":{\"@type\":\"PropertyValueSpecification\",\"valueRequired\":true,\"valueName\":\"search_term_string\"}}],\"inLanguage\":\"fr-FR\"},{\"@type\":\"Organization\",\"@id\":\"https:\\\/\\\/pigouille.com\\\/WP\\\/#organization\",\"name\":\"Pigouille Site de Association Martine Goemoniers\",\"url\":\"https:\\\/\\\/pigouille.com\\\/WP\\\/\",\"logo\":{\"@type\":\"ImageObject\",\"inLanguage\":\"fr-FR\",\"@id\":\"https:\\\/\\\/pigouille.com\\\/WP\\\/#\\\/schema\\\/logo\\\/image\\\/\",\"url\":\"https:\\\/\\\/pigouille.com\\\/WP\\\/wp-content\\\/uploads\\\/2021\\\/03\\\/Logo_M.png\",\"contentUrl\":\"https:\\\/\\\/pigouille.com\\\/WP\\\/wp-content\\\/uploads\\\/2021\\\/03\\\/Logo_M.png\",\"width\":52,\"height\":48,\"caption\":\"Pigouille Site de Association Martine Goemoniers\"},\"image\":{\"@id\":\"https:\\\/\\\/pigouille.com\\\/WP\\\/#\\\/schema\\\/logo\\\/image\\\/\"}}]}<\/script>\n<!-- \/ Yoast SEO plugin. -->","yoast_head_json":{"title":"Temps f\u00eate \u00e0 Douarnenez 2021 - Pigouille Site de Association Martine Goemoniers","robots":{"index":"index","follow":"follow","max-snippet":"max-snippet:-1","max-image-preview":"max-image-preview:large","max-video-preview":"max-video-preview:-1"},"canonical":"https:\/\/pigouille.com\/WP\/temps-fete-a-douarnenez-2021\/","og_locale":"fr_FR","og_type":"article","og_title":"Temps f\u00eate \u00e0 Douarnenez 2021 - Pigouille Site de Association Martine Goemoniers","og_url":"https:\/\/pigouille.com\/WP\/temps-fete-a-douarnenez-2021\/","og_site_name":"Pigouille Site de Association Martine Goemoniers","article_modified_time":"2021-11-16T19:46:33+00:00","og_image":[{"url":"https:\/\/pigouille.com\/WP\/wp-content\/uploads\/2021\/03\/close5.png","type":"","width":"","height":""}],"twitter_card":"summary_large_image","twitter_misc":{"Dur\u00e9e de lecture estim\u00e9e":"3 minutes"},"schema":{"@context":"https:\/\/schema.org","@graph":[{"@type":"WebPage","@id":"https:\/\/pigouille.com\/WP\/temps-fete-a-douarnenez-2021\/","url":"https:\/\/pigouille.com\/WP\/temps-fete-a-douarnenez-2021\/","name":"Temps f\u00eate \u00e0 Douarnenez 2021 - Pigouille Site de Association Martine Goemoniers","isPartOf":{"@id":"https:\/\/pigouille.com\/WP\/#website"},"primaryImageOfPage":{"@id":"https:\/\/pigouille.com\/WP\/temps-fete-a-douarnenez-2021\/#primaryimage"},"image":{"@id":"https:\/\/pigouille.com\/WP\/temps-fete-a-douarnenez-2021\/#primaryimage"},"thumbnailUrl":"https:\/\/pigouille.com\/WP\/wp-content\/uploads\/2021\/03\/close5.png","datePublished":"2021-11-16T09:26:02+00:00","dateModified":"2021-11-16T19:46:33+00:00","breadcrumb":{"@id":"https:\/\/pigouille.com\/WP\/temps-fete-a-douarnenez-2021\/#breadcrumb"},"inLanguage":"fr-FR","potentialAction":[{"@type":"ReadAction","target":["https:\/\/pigouille.com\/WP\/temps-fete-a-douarnenez-2021\/"]}]},{"@type":"ImageObject","inLanguage":"fr-FR","@id":"https:\/\/pigouille.com\/WP\/temps-fete-a-douarnenez-2021\/#primaryimage","url":"https:\/\/pigouille.com\/WP\/wp-content\/uploads\/2021\/03\/close5.png","contentUrl":"https:\/\/pigouille.com\/WP\/wp-content\/uploads\/2021\/03\/close5.png","width":48,"height":48},{"@type":"BreadcrumbList","@id":"https:\/\/pigouille.com\/WP\/temps-fete-a-douarnenez-2021\/#breadcrumb","itemListElement":[{"@type":"ListItem","position":1,"name":"Accueil","item":"https:\/\/pigouille.com\/WP\/"},{"@type":"ListItem","position":2,"name":"Temps f\u00eate \u00e0 Douarnenez 2021"}]},{"@type":"WebSite","@id":"https:\/\/pigouille.com\/WP\/#website","url":"https:\/\/pigouille.com\/WP\/","name":"Pigouille Site de Association Martine Goemoniers","description":"Cotre Goemonier \u00e0 Landeda","publisher":{"@id":"https:\/\/pigouille.com\/WP\/#organization"},"potentialAction":[{"@type":"SearchAction","target":{"@type":"EntryPoint","urlTemplate":"https:\/\/pigouille.com\/WP\/?s={search_term_string}"},"query-input":{"@type":"PropertyValueSpecification","valueRequired":true,"valueName":"search_term_string"}}],"inLanguage":"fr-FR"},{"@type":"Organization","@id":"https:\/\/pigouille.com\/WP\/#organization","name":"Pigouille Site de Association Martine Goemoniers","url":"https:\/\/pigouille.com\/WP\/","logo":{"@type":"ImageObject","inLanguage":"fr-FR","@id":"https:\/\/pigouille.com\/WP\/#\/schema\/logo\/image\/","url":"https:\/\/pigouille.com\/WP\/wp-content\/uploads\/2021\/03\/Logo_M.png","contentUrl":"https:\/\/pigouille.com\/WP\/wp-content\/uploads\/2021\/03\/Logo_M.png","width":52,"height":48,"caption":"Pigouille Site de Association Martine Goemoniers"},"image":{"@id":"https:\/\/pigouille.com\/WP\/#\/schema\/logo\/image\/"}}]}},"_links":{"self":[{"href":"https:\/\/pigouille.com\/WP\/wp-json\/wp\/v2\/pages\/8862","targetHints":{"allow":["GET"]}}],"collection":[{"href":"https:\/\/pigouille.com\/WP\/wp-json\/wp\/v2\/pages"}],"about":[{"href":"https:\/\/pigouille.com\/WP\/wp-json\/wp\/v2\/types\/page"}],"author":[{"embeddable":true,"href":"https:\/\/pigouille.com\/WP\/wp-json\/wp\/v2\/users\/1"}],"replies":[{"embeddable":true,"href":"https:\/\/pigouille.com\/WP\/wp-json\/wp\/v2\/comments?post=8862"}],"version-history":[{"count":10,"href":"https:\/\/pigouille.com\/WP\/wp-json\/wp\/v2\/pages\/8862\/revisions"}],"predecessor-version":[{"id":8889,"href":"https:\/\/pigouille.com\/WP\/wp-json\/wp\/v2\/pages\/8862\/revisions\/8889"}],"wp:attachment":[{"href":"https:\/\/pigouille.com\/WP\/wp-json\/wp\/v2\/media?parent=8862"}],"curies":[{"name":"wp","href":"https:\/\/api.w.org\/{rel}","templated":true}]}}